{"id":3099,"date":"2021-04-22T11:55:14","date_gmt":"2021-04-22T09:55:14","guid":{"rendered":"https:\/\/www.bodegaeduardopenha.es\/nw\/?page_id=3099"},"modified":"2021-12-13T16:39:35","modified_gmt":"2021-12-13T15:39:35","slug":"sara-pena","status":"publish","type":"page","link":"https:\/\/www.bodegaeduardopenha.es\/nw\/sara-pena\/","title":{"rendered":"SARA PE\u00d1A"},"content":{"rendered":"<p>[et_pb_section fb_built=\u00bb1&#8243; _builder_version=\u00bb3.22&#8243; background_color=\u00bb#636363&#8243; background_image=\u00bbhttps:\/\/www.bodegaeduardopenha.es\/nw\/wp-content\/uploads\/2021\/04\/IMG_20210317_123343-scaled.jpg\u00bb background_blend=\u00bboverlay\u00bb custom_margin_tablet=\u00bb\u00bb custom_margin_phone=\u00bb||-44px|\u00bb custom_margin_last_edited=\u00bbon|phone\u00bb custom_padding=\u00bb54px|0px|120px|0px|false|false\u00bb global_colors_info=\u00bb{}\u00bb][et_pb_row _builder_version=\u00bb3.25&#8243; module_alignment=\u00bbleft\u00bb custom_margin=\u00bb|||117px\u00bb custom_margin_tablet=\u00bb0px|||38px\u00bb custom_margin_phone=\u00bb0px||-70px|38px\u00bb custom_margin_last_edited=\u00bbon|phone\u00bb global_colors_info=\u00bb{}\u00bb][et_pb_column type=\u00bb4_4&#8243; _builder_version=\u00bb3.25&#8243; custom_padding=\u00bb|||\u00bb global_colors_info=\u00bb{}\u00bb custom_padding__hover=\u00bb|||\u00bb][et_pb_text _builder_version=\u00bb3.27.4&#8243; text_font=\u00bbRoboto|300|||||||\u00bb text_text_color=\u00bb#ffffff\u00bb header_font=\u00bb||||||||\u00bb header_text_color=\u00bb#ffffff\u00bb header_font_size=\u00bb90px\u00bb header_font_size_tablet=\u00bb\u00bb header_font_size_phone=\u00bb70px\u00bb header_font_size_last_edited=\u00bbon|phone\u00bb inline_fonts=\u00bbRoboto\u00bb global_colors_info=\u00bb{}\u00bb]<\/p>\n<h1 style=\"text-align: left;\"><strong><span style=\"color: #ffffff;\"><img decoding=\"async\" src=\"https:\/\/www.bodegaeduardopenha.es\/nw\/wp-content\/uploads\/2021\/04\/linea_blanca.png\" alt=\"\" class=\"wp-image-536 alignnone size-full\" width=\"39\" height=\"7\" \/><\/span><\/strong><\/h1>\n<h1 style=\"text-align: left;\"><span style=\"font-family: Roboto;\">EL VINO<\/span><\/h1>\n<p>[\/et_pb_text][et_pb_text _builder_version=\u00bb3.27.4&#8243; text_font=\u00bbRoboto|300|||||||\u00bb text_text_color=\u00bb#ffffff\u00bb text_font_size=\u00bb23px\u00bb header_font=\u00bbRoboto|300|||||||\u00bb header_text_color=\u00bb#ffffff\u00bb header_font_size=\u00bb70px\u00bb text_font_size_tablet=\u00bb\u00bb text_font_size_phone=\u00bb\u00bb text_font_size_last_edited=\u00bbon|desktop\u00bb header_font_size_tablet=\u00bb\u00bb header_font_size_phone=\u00bb40px\u00bb header_font_size_last_edited=\u00bbon|phone\u00bb inline_fonts=\u00bbTimes New Roman,Roboto\u00bb global_colors_info=\u00bb{}\u00bb]<\/p>\n<h1 style=\"text-align: left;\"><span style=\"font-family: Roboto; color: #cad6d2;\">SARA PE\u00d1A<\/span><\/h1>\n<p>&nbsp;<\/p>\n<p>[\/et_pb_text][\/et_pb_column][\/et_pb_row][\/et_pb_section][et_pb_section fb_built=\u00bb1&#8243; _builder_version=\u00bb3.22&#8243; global_colors_info=\u00bb{}\u00bb][et_pb_row _builder_version=\u00bb3.25&#8243; max_width=\u00bb1393px\u00bb module_alignment=\u00bbcenter\u00bb use_custom_width=\u00bbon\u00bb custom_width_px=\u00bb1393px\u00bb global_colors_info=\u00bb{}\u00bb column_structure=\u00bb1_2,1_2&#8243;][et_pb_column type=\u00bb1_2&#8243; _builder_version=\u00bb3.25&#8243; custom_padding=\u00bb|||\u00bb global_colors_info=\u00bb{}\u00bb custom_padding__hover=\u00bb|||\u00bb][et_pb_image src=\u00bbhttps:\/\/www.bodegaeduardopenha.es\/nw\/wp-content\/uploads\/2021\/04\/foto_botella_sarapena_500x149.jpg\u00bb align=\u00bbcenter\u00bb align_tablet=\u00bbcenter\u00bb align_last_edited=\u00bbon|desktop\u00bb _builder_version=\u00bb3.23&#8243; global_colors_info=\u00bb{}\u00bb][\/et_pb_image][\/et_pb_column][et_pb_column type=\u00bb1_2&#8243; _builder_version=\u00bb3.25&#8243; custom_padding=\u00bb|||\u00bb global_colors_info=\u00bb{}\u00bb custom_padding__hover=\u00bb|||\u00bb][et_pb_text _builder_version=\u00bb3.27.4&#8243; text_font=\u00bbRoboto|300|||||||\u00bb text_text_color=\u00bb#000000&#8243; text_font_size=\u00bb20px\u00bb header_font=\u00bbRoboto|300|||||||\u00bb inline_fonts=\u00bbRoboto\u00bb global_colors_info=\u00bb{}\u00bb]<\/p>\n<p style=\"text-align: justify;\"><span style=\"font-family: Roboto; font-weight: clear;\">Elaborado en su totalidad con variedades aut\u00f3ctonas Gallegas, <em><strong>SOUSON CAI\u00d1O Y BRANCELLAO<\/strong><\/em> a partes iguales. Maceraci\u00f3n y Fermentaci\u00f3n Tradicional en A. Inox y suav\u00edsimo paso por barricas de 300 l de roble franc\u00e9s de tostado muy suave y grano fino.<\/span><\/p>\n<p style=\"text-align: justify;\"><span style=\"font-family: Roboto; font-weight: clear;\">Color rojo granate con ribete viol\u00e1ceo.<\/span><\/p>\n<p><span style=\"font-family: Roboto; font-weight: clear;\">Nariz de Frutos negros y fruta roja, regaliz, casis, mora, ar\u00e1ndanos, fres\u00f3n\u2026 perfectamente emsamblados con liger\u00edsimos bals\u00e1micos, mentas, vainillas y notas tostadas de liger\u00edsima torrefacci\u00f3n, toffe.<\/span><\/p>\n<p style=\"text-align: justify;\"><span style=\"font-family: Roboto; font-weight: clear;\">Boca de estructura media, ligeramente glic\u00e9rico y de buena untuosidad, tanino maduro y sedoso, bien polimerizado, acidez justa y un punto goloso en el paso de boca, final ligeramente amargo y de postgusto largo y sabroso.<\/span><\/p>\n<p style=\"text-align: justify;\"><span style=\"font-family: Roboto;\"><i class=\"fas fa-angle-double-right\" aria-hidden=\"true\">\u00a0<\/i><span style=\"font-weight: clear;\">%vol.: 13,5<\/span><\/span><\/p>\n<p><span style=\"font-family: Roboto;\"><i class=\"fas fa-angle-double-right\" aria-hidden=\"true\"><\/i> <span style=\"font-weight: clear;\">A.Total: 5,3 gr\/l espresada en Tart.<\/span><\/span><\/p>\n<p><span style=\"font-family: Roboto;\"><i class=\"fas fa-angle-double-right\" aria-hidden=\"true\">\u00a0<\/i><span style=\"font-weight: clear;\">Presentaci\u00f3n: bot. borgo\u00f1a 750 ml. &#8211; Caja de 6 uds. tumbadas.<\/span><\/span><\/p>\n<p>[\/et_pb_text][\/et_pb_column][\/et_pb_row][\/et_pb_section][et_pb_section fb_built=\u00bb1&#8243; _builder_version=\u00bb4.10.6&#8243; background_color=\u00bbrgba(175,175,175,0)\u00bb background_image=\u00bbhttps:\/\/www.bodegaeduardopenha.es\/nw\/wp-content\/uploads\/2021\/03\/foto23.jpg\u00bb background_blend=\u00bboverlay\u00bb hover_enabled=\u00bb0&#8243; global_colors_info=\u00bb{}\u00bb sticky_enabled=\u00bb0&#8243;][et_pb_row _builder_version=\u00bb3.25&#8243; background_size=\u00bbinitial\u00bb background_position=\u00bbtop_left\u00bb background_repeat=\u00bbrepeat\u00bb global_colors_info=\u00bb{}\u00bb][et_pb_column type=\u00bb4_4&#8243; _builder_version=\u00bb3.25&#8243; custom_padding=\u00bb|||\u00bb global_colors_info=\u00bb{}\u00bb custom_padding__hover=\u00bb|||\u00bb][et_pb_text _builder_version=\u00bb3.27.4&#8243; text_font=\u00bbRoboto||||||||\u00bb text_text_color=\u00bb#ffffff\u00bb text_line_height=\u00bb1.6em\u00bb background_layout=\u00bbdark\u00bb text_font_size_tablet=\u00bb\u00bb text_font_size_phone=\u00bb10px\u00bb text_font_size_last_edited=\u00bbon|phone\u00bb global_colors_info=\u00bb{}\u00bb]<\/p>\n<p style=\"text-align: center;\"><span style=\"color: #ffffff;\"><strong><a style=\"color: #ffffff;\" href=\"https:\/\/www.bodegaeduardopenha.es\/nw\/\">INICIO<\/a>\u00a0\u00a0\u00a0\u00a0\u00a0 <a style=\"color: #ffffff;\" href=\"https:\/\/www.bodegaeduardopenha.es\/nw\/la-bodega?page_id=2169\">LA BODEGA<\/a>\u00a0\u00a0\u00a0\u00a0 <a style=\"color: #ffffff;\" href=\"https:\/\/www.bodegaeduardopenha.es\/nw\/el-vino\/?page_id=2159\">EL VINO<\/a>\u00a0\u00a0\u00a0\u00a0\u00a0 <a style=\"color: #ffffff;\" href=\"https:\/\/www.bodegaeduardopenha.es\/nw\/premios\/?page_id=2471\">PREMIOS<\/a>\u00a0\u00a0\u00a0\u00a0\u00a0 <a style=\"color: #ffffff;\" href=\"https:\/\/www.bodegaeduardopenha.es\/nw\/actualidad\/?page_id=2494\">ACTUALIDAD<\/a><\/strong><\/span><\/p>\n<p>[\/et_pb_text][\/et_pb_column][\/et_pb_row][et_pb_row _builder_version=\u00bb3.25&#8243; global_colors_info=\u00bb{}\u00bb][et_pb_column type=\u00bb4_4&#8243; _builder_version=\u00bb3.25&#8243; custom_padding=\u00bb|||\u00bb global_colors_info=\u00bb{}\u00bb custom_padding__hover=\u00bb|||\u00bb][et_pb_social_media_follow _builder_version=\u00bb3.19.11&#8243; text_orientation=\u00bbcenter\u00bb global_colors_info=\u00bb{}\u00bb][et_pb_social_media_follow_network social_network=\u00bbfacebook\u00bb url=\u00bbhttps:\/\/www.facebook.com\/pages\/Bodega-Eduardo-Pe%C3%B1a\/288417435162466?fref=mentions\u00bb _builder_version=\u00bb3.19.11&#8243; global_colors_info=\u00bb{}\u00bb follow_button=\u00bboff\u00bb url_new_window=\u00bbon\u00bb]facebook<br \/>\n[\/et_pb_social_media_follow_network][et_pb_social_media_follow_network social_network=\u00bbinstagram\u00bb url=\u00bbhttps:\/\/www.instagram.com\/bodegaeduardopenha\/\u00bb _builder_version=\u00bb3.19.11&#8243; global_colors_info=\u00bb{}\u00bb follow_button=\u00bboff\u00bb url_new_window=\u00bbon\u00bb]instagram<br \/>\n[\/et_pb_social_media_follow_network][\/et_pb_social_media_follow][et_pb_text _builder_version=\u00bb3.27.4&#8243; text_font=\u00bbRoboto||||||||\u00bb text_line_height=\u00bb1.6em\u00bb background_layout=\u00bbdark\u00bb text_font_size_tablet=\u00bb\u00bb text_font_size_phone=\u00bb10px\u00bb text_font_size_last_edited=\u00bbon|phone\u00bb global_colors_info=\u00bb{}\u00bb]<\/p>\n<p style=\"text-align: center;\"><span style=\"color: #ffffff;\"><strong><a style=\"color: #ffffff;\" href=\"https:\/\/www.bodegaeduardopenha.es\/nw\/aviso-legal\/\">Aviso legal<\/a><\/strong><\/span><\/p>\n<p>[\/et_pb_text][\/et_pb_column][\/et_pb_row][\/et_pb_section]<\/p>\n","protected":false},"excerpt":{"rendered":"<p>EL VINOSARA PE\u00d1A &nbsp;Elaborado en su totalidad con variedades aut\u00f3ctonas Gallegas, SOUSON CAI\u00d1O Y BRANCELLAO a partes iguales. Maceraci\u00f3n y Fermentaci\u00f3n Tradicional en A. Inox y suav\u00edsimo paso por barricas de 300 l de roble franc\u00e9s de tostado muy suave y grano fino. Color rojo granate con ribete viol\u00e1ceo. Nariz de Frutos negros y fruta [&hellip;]<\/p>\n","protected":false},"author":1,"featured_media":0,"parent":0,"menu_order":0,"comment_status":"closed","ping_status":"closed","template":"","meta":{"_et_pb_use_builder":"on","_et_pb_old_content":"","_et_gb_content_width":"","footnotes":""},"class_list":["post-3099","page","type-page","status-publish","hentry"],"_links":{"self":[{"href":"https:\/\/www.bodegaeduardopenha.es\/nw\/wp-json\/wp\/v2\/pages\/3099","targetHints":{"allow":["GET"]}}],"collection":[{"href":"https:\/\/www.bodegaeduardopenha.es\/nw\/wp-json\/wp\/v2\/pages"}],"about":[{"href":"https:\/\/www.bodegaeduardopenha.es\/nw\/wp-json\/wp\/v2\/types\/page"}],"author":[{"embeddable":true,"href":"https:\/\/www.bodegaeduardopenha.es\/nw\/wp-json\/wp\/v2\/users\/1"}],"replies":[{"embeddable":true,"href":"https:\/\/www.bodegaeduardopenha.es\/nw\/wp-json\/wp\/v2\/comments?post=3099"}],"version-history":[{"count":0,"href":"https:\/\/www.bodegaeduardopenha.es\/nw\/wp-json\/wp\/v2\/pages\/3099\/revisions"}],"wp:attachment":[{"href":"https:\/\/www.bodegaeduardopenha.es\/nw\/wp-json\/wp\/v2\/media?parent=3099"}],"curies":[{"name":"wp","href":"https:\/\/api.w.org\/{rel}","templated":true}]}}