{"id":4381,"date":"2025-11-14T19:04:07","date_gmt":"2025-11-14T18:04:07","guid":{"rendered":"https:\/\/www.bodegaeduardopenha.es\/nw\/?page_id=4381"},"modified":"2025-11-14T19:40:26","modified_gmt":"2025-11-14T18:40:26","slug":"acio-de-ouro-mellor-branco-galicia-2025","status":"publish","type":"page","link":"https:\/\/www.bodegaeduardopenha.es\/nw\/acio-de-ouro-mellor-branco-galicia-2025\/","title":{"rendered":"ACIO DE OURO 2025"},"content":{"rendered":"<p>[et_pb_section fb_built=\u00bb1&#8243; _builder_version=\u00bb4.27.4&#8243; background_color=\u00bb#6B6B6B\u00bb background_image=\u00bbhttps:\/\/www.bodegaeduardopenha.es\/nw\/wp-content\/uploads\/2021\/04\/MG_1281-scaled.jpg\u00bb parallax=\u00bbon\u00bb parallax_method=\u00bboff\u00bb background_blend=\u00bblighten\u00bb custom_margin_tablet=\u00bb\u00bb custom_margin_phone=\u00bb||-102px\u00bb custom_margin_last_edited=\u00bbon|phone\u00bb custom_padding=\u00bb54px|3px|121px|0px|false|false\u00bb da_disable_devices=\u00bboff|off|off\u00bb global_colors_info=\u00bb{}\u00bb da_is_popup=\u00bboff\u00bb da_exit_intent=\u00bboff\u00bb da_has_close=\u00bbon\u00bb da_alt_close=\u00bboff\u00bb da_dark_close=\u00bboff\u00bb da_not_modal=\u00bbon\u00bb da_is_singular=\u00bboff\u00bb da_with_loader=\u00bboff\u00bb da_has_shadow=\u00bbon\u00bb][et_pb_row column_structure=\u00bb1_2,1_2&#8243; module_class=\u00bb et_pb_row_fullwidth\u00bb _builder_version=\u00bb4.16&#8243; width=\u00bb89%\u00bb width_tablet=\u00bb80%\u00bb width_phone=\u00bb\u00bb width_last_edited=\u00bbon|desktop\u00bb max_width=\u00bb89%\u00bb max_width_tablet=\u00bb80%\u00bb max_width_phone=\u00bb\u00bb max_width_last_edited=\u00bbon|desktop\u00bb module_alignment=\u00bbcenter\u00bb make_fullwidth=\u00bbon\u00bb global_colors_info=\u00bb{}\u00bb][et_pb_column type=\u00bb1_2&#8243; _builder_version=\u00bb4.16&#8243; custom_padding=\u00bb|||\u00bb global_colors_info=\u00bb{}\u00bb custom_padding__hover=\u00bb|||\u00bb][et_pb_text _builder_version=\u00bb4.16&#8243; header_font=\u00bbRoboto||||||||\u00bb header_text_color=\u00bb#ffffff\u00bb header_font_size=\u00bb70px\u00bb header_font_size_tablet=\u00bb40px\u00bb header_font_size_phone=\u00bb40px\u00bb header_font_size_last_edited=\u00bbon|phone\u00bb inline_fonts=\u00bbRoboto\u00bb global_colors_info=\u00bb{}\u00bb]<\/p>\n<h1 style=\"text-align: left;\"><strong><span style=\"color: #ffffff;\"><img decoding=\"async\" src=\"https:\/\/www.bodegaeduardopenha.es\/nw\/wp-content\/uploads\/2021\/04\/linea_blanca.png\" alt=\"\" class=\"wp-image-536 alignnone size-full\" width=\"39\" height=\"7\" \/><\/span><\/strong><\/h1>\n<h1 style=\"text-align: left;\">ACIO DE OURO<\/h1>\n<p>[\/et_pb_text][et_pb_text _builder_version=\u00bb4.27.4&#8243; text_font=\u00bbRoboto|300|||||||\u00bb text_text_color=\u00bb#ffffff\u00bb text_font_size=\u00bb25px\u00bb custom_padding=\u00bb||0px|||\u00bb text_font_size_tablet=\u00bb\u00bb text_font_size_phone=\u00bb20px\u00bb text_font_size_last_edited=\u00bbon|phone\u00bb global_colors_info=\u00bb{}\u00bb]<\/p>\n<p>Mellor Branco de Galicia 2025<\/p>\n<p>[\/et_pb_text][\/et_pb_column][et_pb_column type=\u00bb1_2&#8243; _builder_version=\u00bb4.16&#8243; custom_padding=\u00bb|||\u00bb global_colors_info=\u00bb{}\u00bb custom_padding__hover=\u00bb|||\u00bb][\/et_pb_column][\/et_pb_row][\/et_pb_section][et_pb_section fb_built=\u00bb1&#8243; _builder_version=\u00bb4.17.6&#8243; _module_preset=\u00bbdefault\u00bb custom_padding=\u00bb||0px|||\u00bb da_disable_devices=\u00bboff|off|off\u00bb global_colors_info=\u00bb{}\u00bb da_is_popup=\u00bboff\u00bb da_exit_intent=\u00bboff\u00bb da_has_close=\u00bbon\u00bb da_alt_close=\u00bboff\u00bb da_dark_close=\u00bboff\u00bb da_not_modal=\u00bbon\u00bb da_is_singular=\u00bboff\u00bb da_with_loader=\u00bboff\u00bb da_has_shadow=\u00bbon\u00bb][et_pb_row _builder_version=\u00bb4.17.6&#8243; _module_preset=\u00bbdefault\u00bb custom_margin=\u00bb-47px|auto||126px||\u00bb custom_padding=\u00bb1px||7px|||\u00bb global_colors_info=\u00bb{}\u00bb][et_pb_column type=\u00bb4_4&#8243; _builder_version=\u00bb4.17.6&#8243; _module_preset=\u00bbdefault\u00bb global_colors_info=\u00bb{}\u00bb][et_pb_text _builder_version=\u00bb4.17.6&#8243; _module_preset=\u00bbdefault\u00bb custom_margin=\u00bb22px||-10px|||\u00bb custom_padding=\u00bb12px||0px|||\u00bb global_colors_info=\u00bb{}\u00bb]<\/p>\n<h1><span style=\"color: #aa5c41;\">ACIO DE OURO &#8211; MELLOR BRANCO DE GALICIA\u00a0\u00a0<\/span><\/h1>\n<p>[\/et_pb_text][\/et_pb_column][\/et_pb_row][\/et_pb_section][et_pb_section fb_built=\u00bb1&#8243; _builder_version=\u00bb4.16&#8243; background_color=\u00bb#ffffff\u00bb custom_padding=\u00bb0|0px|54px|0px|false|false\u00bb da_disable_devices=\u00bboff|off|off\u00bb global_colors_info=\u00bb{}\u00bb da_is_popup=\u00bboff\u00bb da_exit_intent=\u00bboff\u00bb da_has_close=\u00bbon\u00bb da_alt_close=\u00bboff\u00bb da_dark_close=\u00bboff\u00bb da_not_modal=\u00bbon\u00bb da_is_singular=\u00bboff\u00bb da_with_loader=\u00bboff\u00bb da_has_shadow=\u00bbon\u00bb][et_pb_row _builder_version=\u00bb4.27.4&#8243; _module_preset=\u00bbdefault\u00bb custom_padding=\u00bb4px|||||\u00bb][et_pb_column _builder_version=\u00bb4.27.4&#8243; _module_preset=\u00bbdefault\u00bb type=\u00bb4_4&#8243;][et_pb_text _builder_version=\u00bb4.27.4&#8243; _module_preset=\u00bbdefault\u00bb sticky_enabled=\u00bb0&#8243; text_font=\u00bbRoboto|300|||||||\u00bb text_text_color=\u00bb#000000&#8243; text_font_size=\u00bb20px\u00bb header_font=\u00bbRoboto||||||||\u00bb background_layout=\u00bbdark\u00bb hover_enabled=\u00bb0&#8243; width=\u00bb100%\u00bb]El mejor vino blanco de toda Galicia se hace en una bodega de la parroquia de Barral, con vistas al embalse de Castrelo de Mi\u00f1o. O al menos, eso es lo que ha decidido el jurado de las Catas de Galicia celebradas este fin de semana, que ha concedido el Acio de Ouro (el m\u00e1ximo galard\u00f3n) al plurivarietal Eduardo Pe\u00f1a, de la bodega Eduardo Rodr\u00edguez y Luz C\u00e1novas, que pertenece a la Demoninaci\u00f3n de Origen Ribeiro.<\/p>\n<p>No fue el \u00fanico premio que las muestras de la DO con m\u00e1s antig\u00fcedad de la comunidad recibieron durante la velada. En la categor\u00eda reservada a vinos provenientes de \u00e1rboles singulares, se impuso el M\u00e1is de Cunqueiro Torront\u00e9s, de las bodegas Cunqueiro, en Prado (Castrelo de Mi\u00f1o).<\/p>\n<p>La competici\u00f3n entre cosechas de a\u00f1os anteriores tambi\u00e9n tuvo ganadores ribeiranos: la plata recay\u00f3 en una reserva de 2023 del Arm\u00e1n Finca Misenhora de bodegas Casal (Ribadavia), y el bronce lo obtuvo una muestra de 2022 de Boas Vides, del minifundista Antonio M\u00edguez Amil. Completa el palmar\u00e9s del Ribeiro en categor\u00edas generales dos terceros puestos m\u00e1s: el del tinto Cotarelo, de Benigno R\u00edos Mosquera, en los premios a colleiteiros y peque\u00f1as bodehas; y el de Ram\u00f3n do Casar Nobre barrica 2024 en el cap\u00edtulo de vinos blancos de elaboraciones de madera.<\/p>\n<p>Durante la cata hubo tambi\u00e9n un hueco reservado exclusivamente a los vinos blancos de la D. O. Ribeiro. En esta secci\u00f3n, el Acio de Ouro lo gan\u00f3 la selecci\u00f3n Alter, de Dominio de Razamonde; el de plata, el Pazo Tiz\u00f3n, de bodega hom\u00f3nima; y el de bronce, el elaborador Casal de Arm\u00e1n.<\/p>\n<p>Esta edici\u00f3n de Catas de Galicia cont\u00f3 con una participaci\u00f3n de r\u00e9cord: 445 referencias de vino (310 de blanco y 135 de tinto) de 165 bodegas se presentaron al certamen, en el que la cata de profesionales fue a ciegas.[\/et_pb_text][et_pb_text _builder_version=\u00bb4.27.4&#8243; _module_preset=\u00bbdefault\u00bb custom_margin=\u00bb22px|||||\u00bb custom_padding=\u00bb12px||8px|||\u00bb hover_enabled=\u00bb0&#8243; global_colors_info=\u00bb{}\u00bb sticky_enabled=\u00bb0&#8243;]<\/p>\n<h1><span style=\"color: #aa5c41;\">PRENSA\u00a0<\/span><\/h1>\n<p>[\/et_pb_text][et_pb_gallery gallery_ids=\u00bb3322,4399,4403,4406,4407,4408,4409&#8243; posts_number=\u00bb26&#8243; orientation=\u00bbportrait\u00bb show_title_and_caption=\u00bboff\u00bb show_pagination=\u00bboff\u00bb zoom_icon_color=\u00bb#c55f0d\u00bb _builder_version=\u00bb4.27.4&#8243; title_font=\u00bbRoboto|300|||||||\u00bb title_text_color=\u00bb#ffffff\u00bb custom_margin=\u00bb-42px|||||\u00bb custom_padding=\u00bb7px|||||\u00bb link_option_url_new_window=\u00bbon\u00bb box_shadow_style_image=\u00bbpreset6&#8243; box_shadow_blur_image=\u00bb4px\u00bb global_colors_info=\u00bb{}\u00bb][\/et_pb_gallery][\/et_pb_column][\/et_pb_row][\/et_pb_section][et_pb_section fb_built=\u00bb1&#8243; _builder_version=\u00bb4.16&#8243; background_color=\u00bbrgba(175,175,175,0)\u00bb background_image=\u00bbhttps:\/\/www.bodegaeduardopenha.es\/nw\/wp-content\/uploads\/2021\/03\/foto23.jpg\u00bb background_blend=\u00bboverlay\u00bb da_disable_devices=\u00bboff|off|off\u00bb global_colors_info=\u00bb{}\u00bb da_is_popup=\u00bboff\u00bb da_exit_intent=\u00bboff\u00bb da_has_close=\u00bbon\u00bb da_alt_close=\u00bboff\u00bb da_dark_close=\u00bboff\u00bb da_not_modal=\u00bbon\u00bb da_is_singular=\u00bboff\u00bb da_with_loader=\u00bboff\u00bb da_has_shadow=\u00bbon\u00bb][et_pb_row _builder_version=\u00bb4.16&#8243; background_size=\u00bbinitial\u00bb background_position=\u00bbtop_left\u00bb background_repeat=\u00bbrepeat\u00bb global_colors_info=\u00bb{}\u00bb][et_pb_column type=\u00bb4_4&#8243; _builder_version=\u00bb4.16&#8243; custom_padding=\u00bb|||\u00bb global_colors_info=\u00bb{}\u00bb custom_padding__hover=\u00bb|||\u00bb][et_pb_text _builder_version=\u00bb4.16&#8243; text_font=\u00bbRoboto||||||||\u00bb text_text_color=\u00bb#ffffff\u00bb text_line_height=\u00bb1.6em\u00bb background_layout=\u00bbdark\u00bb text_font_size_tablet=\u00bb\u00bb text_font_size_phone=\u00bb10px\u00bb text_font_size_last_edited=\u00bbon|phone\u00bb global_colors_info=\u00bb{}\u00bb]<\/p>\n<p style=\"text-align: center;\"><span style=\"color: #ffffff;\"><strong><a style=\"color: #ffffff;\" href=\"https:\/\/www.bodegaeduardopenha.es\/nw\/\">INICIO\u00a0\u00a0\u00a0\u00a0 <\/a>\u00a0 <a style=\"color: #ffffff;\" href=\"https:\/\/www.bodegaeduardopenha.es\/nw\/la-bodega?page_id=2169\">LA BODEGA<\/a>\u00a0\u00a0\u00a0\u00a0 \u00a0 <a style=\"color: #ffffff;\" href=\"https:\/\/www.bodegaeduardopenha.es\/nw\/el-vino\/?page_id=2159\">EL VINO<\/a>\u00a0\u00a0\u00a0\u00a0 \u00a0 <a style=\"color: #ffffff;\" href=\"https:\/\/www.bodegaeduardopenha.es\/nw\/premios\/?page_id=2471\">PREMIOS<\/a> \u00a0 \u00a0\u00a0 <a style=\"color: #ffffff;\" href=\"https:\/\/www.bodegaeduardopenha.es\/nw\/actualidad\/?page_id=2494\">ACTUALIDAD<\/a><\/strong><\/span><\/p>\n<p>[\/et_pb_text][\/et_pb_column][\/et_pb_row][et_pb_row _builder_version=\u00bb4.16&#8243; global_colors_info=\u00bb{}\u00bb][et_pb_column type=\u00bb4_4&#8243; _builder_version=\u00bb4.16&#8243; custom_padding=\u00bb|||\u00bb global_colors_info=\u00bb{}\u00bb custom_padding__hover=\u00bb|||\u00bb][et_pb_social_media_follow _builder_version=\u00bb4.16&#8243; text_orientation=\u00bbcenter\u00bb global_colors_info=\u00bb{}\u00bb][et_pb_social_media_follow_network social_network=\u00bbfacebook\u00bb url=\u00bbhttps:\/\/www.facebook.com\/pages\/Bodega-Eduardo-Pe%C3%B1a\/288417435162466?fref=mentions\u00bb _builder_version=\u00bb4.16&#8243; global_colors_info=\u00bb{}\u00bb follow_button=\u00bboff\u00bb url_new_window=\u00bbon\u00bb]facebook<br \/>\n[\/et_pb_social_media_follow_network][et_pb_social_media_follow_network social_network=\u00bbinstagram\u00bb url=\u00bbhttps:\/\/www.instagram.com\/bodegaeduardopenha\/\u00bb _builder_version=\u00bb4.16&#8243; global_colors_info=\u00bb{}\u00bb follow_button=\u00bboff\u00bb url_new_window=\u00bbon\u00bb]instagram<br \/>\n[\/et_pb_social_media_follow_network][\/et_pb_social_media_follow][et_pb_text _builder_version=\u00bb4.16&#8243; text_font=\u00bbRoboto||||||||\u00bb text_line_height=\u00bb1.6em\u00bb background_layout=\u00bbdark\u00bb text_font_size_tablet=\u00bb\u00bb text_font_size_phone=\u00bb10px\u00bb text_font_size_last_edited=\u00bbon|phone\u00bb global_colors_info=\u00bb{}\u00bb]<\/p>\n<p style=\"text-align: center;\"><span style=\"color: #ffffff;\"><strong><a style=\"color: #ffffff;\" href=\"https:\/\/www.bodegaeduardopenha.es\/nw\/aviso-legal\/\">Aviso legal<\/a><\/strong><\/span><\/p>\n<p>[\/et_pb_text][\/et_pb_column][\/et_pb_row][\/et_pb_section]<\/p>\n","protected":false},"excerpt":{"rendered":"<p>ACIO DE OUROMellor Branco de Galicia 2025ACIO DE OURO &#8211; MELLOR BRANCO DE GALICIA\u00a0\u00a0El mejor vino blanco de toda Galicia se hace en una bodega de la parroquia de Barral, con vistas al embalse de Castrelo de Mi\u00f1o. O al menos, eso es lo que ha decidido el jurado de las Catas de Galicia celebradas [&hellip;]<\/p>\n","protected":false},"author":1,"featured_media":0,"parent":0,"menu_order":0,"comment_status":"closed","ping_status":"closed","template":"","meta":{"_et_pb_use_builder":"on","_et_pb_old_content":"","_et_gb_content_width":"","footnotes":""},"class_list":["post-4381","page","type-page","status-publish","hentry"],"_links":{"self":[{"href":"https:\/\/www.bodegaeduardopenha.es\/nw\/wp-json\/wp\/v2\/pages\/4381","targetHints":{"allow":["GET"]}}],"collection":[{"href":"https:\/\/www.bodegaeduardopenha.es\/nw\/wp-json\/wp\/v2\/pages"}],"about":[{"href":"https:\/\/www.bodegaeduardopenha.es\/nw\/wp-json\/wp\/v2\/types\/page"}],"author":[{"embeddable":true,"href":"https:\/\/www.bodegaeduardopenha.es\/nw\/wp-json\/wp\/v2\/users\/1"}],"replies":[{"embeddable":true,"href":"https:\/\/www.bodegaeduardopenha.es\/nw\/wp-json\/wp\/v2\/comments?post=4381"}],"version-history":[{"count":18,"href":"https:\/\/www.bodegaeduardopenha.es\/nw\/wp-json\/wp\/v2\/pages\/4381\/revisions"}],"predecessor-version":[{"id":4430,"href":"https:\/\/www.bodegaeduardopenha.es\/nw\/wp-json\/wp\/v2\/pages\/4381\/revisions\/4430"}],"wp:attachment":[{"href":"https:\/\/www.bodegaeduardopenha.es\/nw\/wp-json\/wp\/v2\/media?parent=4381"}],"curies":[{"name":"wp","href":"https:\/\/api.w.org\/{rel}","templated":true}]}}